{"id":1304,"date":"2024-06-13T12:18:28","date_gmt":"2024-06-13T10:18:28","guid":{"rendered":"https:\/\/neuroclinicabarcelona.cat\/coneix-nos\/"},"modified":"2025-10-22T11:17:44","modified_gmt":"2025-10-22T09:17:44","slug":"coneix-nos","status":"publish","type":"page","link":"https:\/\/neuroclinicabarcelona.cat\/ca\/coneix-nos\/","title":{"rendered":"Coneix-nos"},"content":{"rendered":"\t\t<div data-elementor-type=\"wp-page\" data-elementor-id=\"1304\" class=\"elementor elementor-1304 elementor-66\" data-elementor-post-type=\"page\">\n\t\t\t\t<div class=\"elementor-element elementor-element-27ff093 e-flex e-con-boxed e-con e-parent\" data-id=\"27ff093\" data-element_type=\"container\" data-e-type=\"container\">\n\t\t\t\t\t<div class=\"e-con-inner\">\n\t\t\t\t<div class=\"elementor-element elementor-element-307c9d4 elementor-widget elementor-widget-heading\" data-id=\"307c9d4\" data-element_type=\"widget\" data-e-type=\"widget\" data-widget_type=\"heading.default\">\n\t\t\t\t<div class=\"elementor-widget-container\">\n\t\t\t\t\t<h2 class=\"elementor-heading-title elementor-size-default\">Especialistes en Cirurgia Cerebral<br>i de la columna vertebral<\/h2>\t\t\t\t<\/div>\n\t\t\t\t<\/div>\n\t\t<div class=\"elementor-element elementor-element-cc25806 e-flex e-con-boxed e-con e-child\" data-id=\"cc25806\" data-element_type=\"container\" data-e-type=\"container\">\n\t\t\t\t\t<div class=\"e-con-inner\">\n\t\t\t\t<div class=\"elementor-element elementor-element-8cb90db elementor-widget__width-initial elementor-widget elementor-widget-text-editor\" data-id=\"8cb90db\" data-element_type=\"widget\" data-e-type=\"widget\" data-widget_type=\"text-editor.default\">\n\t\t\t\t<div class=\"elementor-widget-container\">\n\t\t\t\t\t\t\t\t\t<p>Neurocl\u00ednica Quir\u00fargica Barcelona est\u00e0 formada per un equip de professionals d&#8217;alt nivell al camp de la neurocirurgia i la cirurgia m\u00ednimament invasiva. <\/p><p>Confiem en la innovaci\u00f3, per la qual cosa a les nostres cirurgies utilitzem tecnologia d&#8217;avantguarda per aconseguir els millors resultats. <\/p><p>Ens involucrem completament a l&#8217;atenci\u00f3 del pacient des del primer dia, perqu\u00e8 se senti acompanyat durant tot el proc\u00e9s.<\/p>\t\t\t\t\t\t\t\t<\/div>\n\t\t\t\t<\/div>\n\t\t\t\t<div class=\"elementor-element elementor-element-626d450 elementor-widget__width-initial elementor-widget elementor-widget-text-editor\" data-id=\"626d450\" data-element_type=\"widget\" data-e-type=\"widget\" data-widget_type=\"text-editor.default\">\n\t\t\t\t<div class=\"elementor-widget-container\">\n\t\t\t\t\t\t\t\t\t<p>Ens comprometem a oferir-vos una valoraci\u00f3 integral i aconsellar-vos el tractament m\u00e9s adequat per al vostre cas, amb respecte i proximitat. <\/p><p>El prop\u00f2sit de Neurocl\u00ednica \u00e9s que els pacients sentin que estan a bones mans, ja que dipositen la seva confian\u00e7a en nosaltres per al maneig de la seva malaltia.<\/p>\t\t\t\t\t\t\t\t<\/div>\n\t\t\t\t<\/div>\n\t\t\t\t\t<\/div>\n\t\t\t\t<\/div>\n\t\t\t\t\t<\/div>\n\t\t\t\t<\/div>\n\t\t<div class=\"elementor-element elementor-element-eb7c5fe e-flex e-con-boxed e-con e-parent\" data-id=\"eb7c5fe\" data-element_type=\"container\" data-e-type=\"container\">\n\t\t\t\t\t<div class=\"e-con-inner\">\n\t\t\t\t<div class=\"elementor-element elementor-element-a01b5be elementor-widget elementor-widget-heading\" data-id=\"a01b5be\" data-element_type=\"widget\" data-e-type=\"widget\" data-widget_type=\"heading.default\">\n\t\t\t\t<div class=\"elementor-widget-container\">\n\t\t\t\t\t<h2 class=\"elementor-heading-title elementor-size-default\">Equip M\u00e8dic<\/h2>\t\t\t\t<\/div>\n\t\t\t\t<\/div>\n\t\t<div class=\"elementor-element elementor-element-19569b5 e-con-full e-flex e-con e-child\" data-id=\"19569b5\" data-element_type=\"container\" data-e-type=\"container\">\n\t\t<div class=\"elementor-element elementor-element-00dced7 e-con-full e-flex e-con e-child\" data-id=\"00dced7\" data-element_type=\"container\" data-e-type=\"container\">\n\t\t\t\t<div class=\"elementor-element elementor-element-e054392 elementor-widget elementor-widget-heading\" data-id=\"e054392\" data-element_type=\"widget\" data-e-type=\"widget\" data-widget_type=\"heading.default\">\n\t\t\t\t<div class=\"elementor-widget-container\">\n\t\t\t\t\t<h2 class=\"elementor-heading-title elementor-size-default\">Dr. ROBERTO LASTRA GARCIA<\/h2>\t\t\t\t<\/div>\n\t\t\t\t<\/div>\n\t\t\t\t<div class=\"elementor-element elementor-element-2106da4 elementor-widget elementor-widget-text-editor\" data-id=\"2106da4\" data-element_type=\"widget\" data-e-type=\"widget\" data-widget_type=\"text-editor.default\">\n\t\t\t\t<div class=\"elementor-widget-container\">\n\t\t\t\t\t\t\t\t\t<p><strong>Neurocirurgi\u00e0 Director Metge<\/strong><br><strong>NEUROCL\u00cdNICA QUIR\u00daRGICA BARCELONA<\/strong><\/p>\t\t\t\t\t\t\t\t<\/div>\n\t\t\t\t<\/div>\n\t\t\t\t<div class=\"elementor-element elementor-element-6744030 elementor-widget__width-initial elementor-widget elementor-widget-text-editor\" data-id=\"6744030\" data-element_type=\"widget\" data-e-type=\"widget\" data-widget_type=\"text-editor.default\">\n\t\t\t\t<div class=\"elementor-widget-container\">\n\t\t\t\t\t\t\t\t\t<p>El Dr. Lastra Garcia \u00e9s un prestigi\u00f3s especialista en Neurocirurgia. Compte amb m\u00e9s de 15 anys d&#8217;experi\u00e8ncia en la professi\u00f3 i una extensa formaci\u00f3 en diferents camps de l&#8217;especialitat. En concret, \u00e9s expert en cirurgia de columna m\u00ednimament invasiva, en tumors cerebrals, en cirurgia de la deformitat vertebral, en cirurgia de l&#8217;escoliosi sense fusi\u00f3 (Vertebral Body Tethering), en h\u00e8rnies discals, lumbars i cervicals i en la fixaci\u00f3 vertebral amb navegador.<\/p><p>Actualment \u00e9s director de la Neurocl\u00ednica Quir\u00fargica Barcelona, associat al Centre M\u00e8dic Teknon, a la Cl\u00ednica Sagrada Fam\u00edlia, a Salut i m\u00e9s, al Consorci Sanitari de Terrassa, a la Cl\u00ednica del Remei i a la Cl\u00ednica Corachan.<\/p>\t\t\t\t\t\t\t\t<\/div>\n\t\t\t\t<\/div>\n\t\t\t\t<\/div>\n\t\t\t\t<div class=\"elementor-element elementor-element-c5bf322 elementor-widget elementor-widget-image\" data-id=\"c5bf322\" data-element_type=\"widget\" data-e-type=\"widget\" data-widget_type=\"image.default\">\n\t\t\t\t<div class=\"elementor-widget-container\">\n\t\t\t\t\t\t\t\t\t\t\t\t\t\t\t<img fetchpriority=\"high\" decoding=\"async\" width=\"504\" height=\"398\" src=\"https:\/\/neuroclinicabarcelona.cat\/wp-content\/uploads\/2024\/06\/Recurso-2.png\" class=\"attachment-large size-large wp-image-1193\" alt=\"\" \/>\t\t\t\t\t\t\t\t\t\t\t\t\t\t\t<\/div>\n\t\t\t\t<\/div>\n\t\t\t\t<\/div>\n\t\t<div class=\"elementor-element elementor-element-290dd83 e-con-full e-flex e-con e-child\" data-id=\"290dd83\" data-element_type=\"container\" data-e-type=\"container\">\n\t\t<div class=\"elementor-element elementor-element-c822ba1 e-con-full e-flex e-con e-child\" data-id=\"c822ba1\" data-element_type=\"container\" data-e-type=\"container\">\n\t\t\t\t<div class=\"elementor-element elementor-element-9f68b87 elementor-widget elementor-widget-heading\" data-id=\"9f68b87\" data-element_type=\"widget\" data-e-type=\"widget\" data-widget_type=\"heading.default\">\n\t\t\t\t<div class=\"elementor-widget-container\">\n\t\t\t\t\t<h2 class=\"elementor-heading-title elementor-size-default\">Dr. JOS\u00c9 MANUEL AGUIRRE SOLER<\/h2>\t\t\t\t<\/div>\n\t\t\t\t<\/div>\n\t\t\t\t<div class=\"elementor-element elementor-element-b4fcf5f elementor-widget elementor-widget-text-editor\" data-id=\"b4fcf5f\" data-element_type=\"widget\" data-e-type=\"widget\" data-widget_type=\"text-editor.default\">\n\t\t\t\t<div class=\"elementor-widget-container\">\n\t\t\t\t\t\t\t\t\t<p><strong>Neurocirurgi\u00e0<\/strong><\/p>\t\t\t\t\t\t\t\t<\/div>\n\t\t\t\t<\/div>\n\t\t\t\t<div class=\"elementor-element elementor-element-a8116ba elementor-widget__width-initial elementor-widget elementor-widget-text-editor\" data-id=\"a8116ba\" data-element_type=\"widget\" data-e-type=\"widget\" data-widget_type=\"text-editor.default\">\n\t\t\t\t<div class=\"elementor-widget-container\">\n\t\t\t\t\t\t\t\t\t<ul><li>Neurocirurgi\u00e0 a l&#8217;Institut de Neurologia i Neurocirugia de Cuba<\/li><li>Neurocirurgi\u00e0 a MINSAP<\/li><li>Universitat de Ci\u00e8ncies M\u00e8diques de l&#8217;Havana<\/li><\/ul><p>Actualment exerceix com a neurocirurgi\u00e0 a la Neurocl\u00ednica Quir\u00fargica Barcelona del Centre M\u00e8dic Teknon, Cl\u00ednica Corachan, Cl\u00ednica Nostra Senyora del Remei i Cl\u00ednica Sagrada Fam\u00edlia.<\/p>\t\t\t\t\t\t\t\t<\/div>\n\t\t\t\t<\/div>\n\t\t\t\t<\/div>\n\t\t\t\t<div class=\"elementor-element elementor-element-355f154 elementor-widget elementor-widget-image\" data-id=\"355f154\" data-element_type=\"widget\" data-e-type=\"widget\" data-widget_type=\"image.default\">\n\t\t\t\t<div class=\"elementor-widget-container\">\n\t\t\t\t\t\t\t\t\t\t\t\t\t\t\t<img decoding=\"async\" width=\"518\" height=\"357\" src=\"https:\/\/neuroclinicabarcelona.cat\/wp-content\/uploads\/2024\/06\/Recurso-3-1.png\" class=\"attachment-large size-large wp-image-1195\" alt=\"\" \/>\t\t\t\t\t\t\t\t\t\t\t\t\t\t\t<\/div>\n\t\t\t\t<\/div>\n\t\t\t\t<\/div>\n\t\t<div class=\"elementor-element elementor-element-fbc99d2 e-con-full e-flex e-con e-child\" data-id=\"fbc99d2\" data-element_type=\"container\" data-e-type=\"container\">\n\t\t<div class=\"elementor-element elementor-element-2d7685e e-con-full e-flex e-con e-child\" data-id=\"2d7685e\" data-element_type=\"container\" data-e-type=\"container\">\n\t\t\t\t<div class=\"elementor-element elementor-element-58b4b92 elementor-widget elementor-widget-heading\" data-id=\"58b4b92\" data-element_type=\"widget\" data-e-type=\"widget\" data-widget_type=\"heading.default\">\n\t\t\t\t<div class=\"elementor-widget-container\">\n\t\t\t\t\t<h2 class=\"elementor-heading-title elementor-size-default\">Dr. FABI\u00c1N ENRIQUE ROMERO CHALA<\/h2>\t\t\t\t<\/div>\n\t\t\t\t<\/div>\n\t\t\t\t<div class=\"elementor-element elementor-element-73e8194 elementor-widget elementor-widget-text-editor\" data-id=\"73e8194\" data-element_type=\"widget\" data-e-type=\"widget\" data-widget_type=\"text-editor.default\">\n\t\t\t\t<div class=\"elementor-widget-container\">\n\t\t\t\t\t\t\t\t\t<p><strong>Neurocirurgi\u00e0<\/strong><\/p>\t\t\t\t\t\t\t\t<\/div>\n\t\t\t\t<\/div>\n\t\t\t\t<div class=\"elementor-element elementor-element-57f0898 elementor-widget__width-initial elementor-widget elementor-widget-text-editor\" data-id=\"57f0898\" data-element_type=\"widget\" data-e-type=\"widget\" data-widget_type=\"text-editor.default\">\n\t\t\t\t<div class=\"elementor-widget-container\">\n\t\t\t\t\t\t\t\t\t<p>El Dr. Fabi\u00e1n Romero Enrique Chala \u00e9s un reconegut especialista en Neurocirurgia. Es va formar com a especialista en Neurocirurgia a l&#8217;Hospital Universitari Vall d&#8217;Hebron de Barcelona i ha realitzat estades formatives internacionals a UCSF-Medical Center, USA. \u00c9s professor Associat del Departament de Cirurgia de la Universitat Aut\u00f2noma de Barcelona.<\/p><p>T\u00e9 diversos anys de formaci\u00f3 i experi\u00e8ncia en diferents camps de l&#8217;especialitat. T\u00e9 un inter\u00e8s especial en la cirurgia m\u00ednimament invasiva de la columna vertebral i la preservaci\u00f3 de les funcions del moviment; aix\u00ed mateix en la patologia malformativa vascular cerebral.<\/p>\t\t\t\t\t\t\t\t<\/div>\n\t\t\t\t<\/div>\n\t\t\t\t<\/div>\n\t\t\t\t<div class=\"elementor-element elementor-element-290b78e elementor-widget elementor-widget-image\" data-id=\"290b78e\" data-element_type=\"widget\" data-e-type=\"widget\" data-widget_type=\"image.default\">\n\t\t\t\t<div class=\"elementor-widget-container\">\n\t\t\t\t\t\t\t\t\t\t\t\t\t\t\t<img decoding=\"async\" width=\"507\" height=\"356\" src=\"https:\/\/neuroclinicabarcelona.cat\/wp-content\/uploads\/2024\/06\/Recurso-4.png\" class=\"attachment-large size-large wp-image-1197\" alt=\"\" \/>\t\t\t\t\t\t\t\t\t\t\t\t\t\t\t<\/div>\n\t\t\t\t<\/div>\n\t\t\t\t<\/div>\n\t\t<div class=\"elementor-element elementor-element-0d74eba e-con-full e-flex e-con e-child\" data-id=\"0d74eba\" data-element_type=\"container\" data-e-type=\"container\">\n\t\t<div class=\"elementor-element elementor-element-024592e e-con-full e-flex e-con e-child\" data-id=\"024592e\" data-element_type=\"container\" data-e-type=\"container\">\n\t\t\t\t<div class=\"elementor-element elementor-element-3d13154 elementor-widget elementor-widget-heading\" data-id=\"3d13154\" data-element_type=\"widget\" data-e-type=\"widget\" data-widget_type=\"heading.default\">\n\t\t\t\t<div class=\"elementor-widget-container\">\n\t\t\t\t\t<h2 class=\"elementor-heading-title elementor-size-default\">Dr. XAVIER M\u00c0LAGA VALL\u00c9S<\/h2>\t\t\t\t<\/div>\n\t\t\t\t<\/div>\n\t\t\t\t<div class=\"elementor-element elementor-element-fa6235e elementor-widget elementor-widget-text-editor\" data-id=\"fa6235e\" data-element_type=\"widget\" data-e-type=\"widget\" data-widget_type=\"text-editor.default\">\n\t\t\t\t<div class=\"elementor-widget-container\">\n\t\t\t\t\t\t\t\t\t<p><strong>Neurocirurgi\u00e0<\/strong><\/p>\t\t\t\t\t\t\t\t<\/div>\n\t\t\t\t<\/div>\n\t\t\t\t<div class=\"elementor-element elementor-element-5fbbb41 elementor-widget__width-initial elementor-widget elementor-widget-text-editor\" data-id=\"5fbbb41\" data-element_type=\"widget\" data-e-type=\"widget\" data-widget_type=\"text-editor.default\">\n\t\t\t\t<div class=\"elementor-widget-container\">\n\t\t\t\t\t\t\t\t\t<p>El Dr. Xavier M\u00e0laga Vall\u00e8s \u00e9s un neurocirurgi\u00e0 especialitzat en cirurgia oncol\u00f2gica i de base de crani, cirurgia oncol\u00f2gica medul\u00b7lar, cirurgia de columna degenerativa i neur\u00e0lgia del trigemin.<\/p><p>Es va formar com a especialista en neurocirurgia a l&#8217;hospital Germans Trias i Pujol. Des de llavors t\u00e9 m\u00e9s de 10 anys d&#8217;experi\u00e8ncia en la seva especialitat. S&#8217;ha dedicat tant a la cirurgia de columna com a la cirurgia cerebral. Actualment, exerceix com a Neurocirurgi\u00e0 a NEUROCL\u00cdNICA QUIR\u00daRGICA BARCELONA del Centre M\u00e8dic Teknon   <\/p>\t\t\t\t\t\t\t\t<\/div>\n\t\t\t\t<\/div>\n\t\t\t\t<\/div>\n\t\t\t\t<div class=\"elementor-element elementor-element-d249d6b elementor-widget elementor-widget-image\" data-id=\"d249d6b\" data-element_type=\"widget\" data-e-type=\"widget\" data-widget_type=\"image.default\">\n\t\t\t\t<div class=\"elementor-widget-container\">\n\t\t\t\t\t\t\t\t\t\t\t\t\t\t\t<img loading=\"lazy\" decoding=\"async\" width=\"504\" height=\"356\" src=\"https:\/\/neuroclinicabarcelona.cat\/wp-content\/uploads\/2024\/06\/Recurso-6.png\" class=\"attachment-large size-large wp-image-1199\" alt=\"\" \/>\t\t\t\t\t\t\t\t\t\t\t\t\t\t\t<\/div>\n\t\t\t\t<\/div>\n\t\t\t\t<\/div>\n\t\t<div class=\"elementor-element elementor-element-c1ebf9c e-con-full e-flex e-con e-child\" data-id=\"c1ebf9c\" data-element_type=\"container\" data-e-type=\"container\">\n\t\t<div class=\"elementor-element elementor-element-fe459c5 e-con-full e-flex e-con e-child\" data-id=\"fe459c5\" data-element_type=\"container\" data-e-type=\"container\">\n\t\t\t\t<div class=\"elementor-element elementor-element-d5a0739 elementor-widget elementor-widget-heading\" data-id=\"d5a0739\" data-element_type=\"widget\" data-e-type=\"widget\" data-widget_type=\"heading.default\">\n\t\t\t\t<div class=\"elementor-widget-container\">\n\t\t\t\t\t<h2 class=\"elementor-heading-title elementor-size-default\">ELISENDA RUIZ I UTRERA<\/h2>\t\t\t\t<\/div>\n\t\t\t\t<\/div>\n\t\t\t\t<div class=\"elementor-element elementor-element-e8d13ba elementor-widget elementor-widget-text-editor\" data-id=\"e8d13ba\" data-element_type=\"widget\" data-e-type=\"widget\" data-widget_type=\"text-editor.default\">\n\t\t\t\t<div class=\"elementor-widget-container\">\n\t\t\t\t\t\t\t\t\t<p><strong>Ger\u00e8ncia<\/strong><\/p>\t\t\t\t\t\t\t\t<\/div>\n\t\t\t\t<\/div>\n\t\t\t\t<div class=\"elementor-element elementor-element-5331796 elementor-widget__width-initial elementor-widget elementor-widget-text-editor\" data-id=\"5331796\" data-element_type=\"widget\" data-e-type=\"widget\" data-widget_type=\"text-editor.default\">\n\t\t\t\t<div class=\"elementor-widget-container\">\n\t\t\t\t\t\t\t\t\t<p>\u2022 Coordinaci\u00f3 \u00e0rea m\u00e8dica: planificar, dirigir i gestionar. <br>\u2022 Administraci\u00f3 de Neurocl\u00ednica Quir\u00fargica Barcelona. <br>\u2022 Garanteix la qualitat dels serveis prestats per l\u2019equip de neurocirurgians. <br>\u2022 Desenvolupa i mant\u00e9 relacions amb altres departaments i organitzacions per millorar l\u2019atenci\u00f3 al pacient. <br>\u2022 Evaluaci\u00f3 de l\u2019atenci\u00f3 al pacient.<\/p>\t\t\t\t\t\t\t\t<\/div>\n\t\t\t\t<\/div>\n\t\t\t\t<\/div>\n\t\t\t\t<div class=\"elementor-element elementor-element-7240acc elementor-widget elementor-widget-image\" data-id=\"7240acc\" data-element_type=\"widget\" data-e-type=\"widget\" data-widget_type=\"image.default\">\n\t\t\t\t<div class=\"elementor-widget-container\">\n\t\t\t\t\t\t\t\t\t\t\t\t\t\t\t<img loading=\"lazy\" decoding=\"async\" width=\"507\" height=\"357\" src=\"https:\/\/neuroclinicabarcelona.cat\/wp-content\/uploads\/2024\/06\/Recurso-7.png\" class=\"attachment-large size-large wp-image-1201\" alt=\"\" \/>\t\t\t\t\t\t\t\t\t\t\t\t\t\t\t<\/div>\n\t\t\t\t<\/div>\n\t\t\t\t<\/div>\n\t\t\t\t\t<\/div>\n\t\t\t\t<\/div>\n\t\t\t\t<\/div>\n\t\t","protected":false},"excerpt":{"rendered":"<p>Especialistes en Cirurgia Cerebrali de la columna vertebral Neurocl\u00ednica Quir\u00fargica Barcelona est\u00e0 formada per un equip de professionals d&#8217;alt nivell al camp de la neurocirurgia i la cirurgia m\u00ednimament invasiva. Confiem en la innovaci\u00f3, per la qual cosa a les nostres cirurgies utilitzem tecnologia d&#8217;avantguarda per aconseguir els millors resultats. Ens involucrem completament a l&#8217;atenci\u00f3 [&hellip;]<\/p>\n","protected":false},"author":1,"featured_media":0,"parent":0,"menu_order":1,"comment_status":"closed","ping_status":"closed","template":"","meta":{"_acf_changed":false,"footnotes":""},"class_list":["post-1304","page","type-page","status-publish","hentry"],"acf":[],"yoast_head":"<!-- This site is optimized with the Yoast SEO plugin v27.3 - https:\/\/yoast.com\/product\/yoast-seo-wordpress\/ -->\n<title>Coneix-nos - Neurocl\u00ednica Barcelona<\/title>\n<meta name=\"robots\" content=\"index, follow, max-snippet:-1, max-image-preview:large, max-video-preview:-1\" \/>\n<link rel=\"canonical\" href=\"https:\/\/neuroclinicabarcelona.cat\/ca\/coneix-nos\/\" \/>\n<meta property=\"og:locale\" content=\"ca_ES\" \/>\n<meta property=\"og:type\" content=\"article\" \/>\n<meta property=\"og:title\" content=\"Coneix-nos - Neurocl\u00ednica Barcelona\" \/>\n<meta property=\"og:description\" content=\"Especialistes en Cirurgia Cerebrali de la columna vertebral Neurocl\u00ednica Quir\u00fargica Barcelona est\u00e0 formada per un equip de professionals d&#8217;alt nivell al camp de la neurocirurgia i la cirurgia m\u00ednimament invasiva. Confiem en la innovaci\u00f3, per la qual cosa a les nostres cirurgies utilitzem tecnologia d&#8217;avantguarda per aconseguir els millors resultats. Ens involucrem completament a l&#8217;atenci\u00f3 [&hellip;]\" \/>\n<meta property=\"og:url\" content=\"https:\/\/neuroclinicabarcelona.cat\/ca\/coneix-nos\/\" \/>\n<meta property=\"og:site_name\" content=\"Neurocl\u00ednica Barcelona\" \/>\n<meta property=\"article:modified_time\" content=\"2025-10-22T09:17:44+00:00\" \/>\n<meta property=\"og:image\" content=\"https:\/\/neuroclinicabarcelona.cat\/wp-content\/uploads\/2024\/06\/Recurso-2.png\" \/>\n\t<meta property=\"og:image:width\" content=\"504\" \/>\n\t<meta property=\"og:image:height\" content=\"398\" \/>\n\t<meta property=\"og:image:type\" content=\"image\/png\" \/>\n<meta name=\"twitter:card\" content=\"summary_large_image\" \/>\n<meta name=\"twitter:label1\" content=\"Temps estimat de lectura\" \/>\n\t<meta name=\"twitter:data1\" content=\"5 minuts\" \/>\n<script type=\"application\/ld+json\" class=\"yoast-schema-graph\">{\"@context\":\"https:\\\/\\\/schema.org\",\"@graph\":[{\"@type\":\"WebPage\",\"@id\":\"https:\\\/\\\/neuroclinicabarcelona.cat\\\/ca\\\/coneix-nos\\\/\",\"url\":\"https:\\\/\\\/neuroclinicabarcelona.cat\\\/ca\\\/coneix-nos\\\/\",\"name\":\"Coneix-nos - Neurocl\u00ednica Barcelona\",\"isPartOf\":{\"@id\":\"https:\\\/\\\/neuroclinicabarcelona.cat\\\/ca\\\/#website\"},\"primaryImageOfPage\":{\"@id\":\"https:\\\/\\\/neuroclinicabarcelona.cat\\\/ca\\\/coneix-nos\\\/#primaryimage\"},\"image\":{\"@id\":\"https:\\\/\\\/neuroclinicabarcelona.cat\\\/ca\\\/coneix-nos\\\/#primaryimage\"},\"thumbnailUrl\":\"https:\\\/\\\/neuroclinicabarcelona.cat\\\/wp-content\\\/uploads\\\/2024\\\/06\\\/Recurso-2.png\",\"datePublished\":\"2024-06-13T10:18:28+00:00\",\"dateModified\":\"2025-10-22T09:17:44+00:00\",\"breadcrumb\":{\"@id\":\"https:\\\/\\\/neuroclinicabarcelona.cat\\\/ca\\\/coneix-nos\\\/#breadcrumb\"},\"inLanguage\":\"ca\",\"potentialAction\":[{\"@type\":\"ReadAction\",\"target\":[\"https:\\\/\\\/neuroclinicabarcelona.cat\\\/ca\\\/coneix-nos\\\/\"]}]},{\"@type\":\"ImageObject\",\"inLanguage\":\"ca\",\"@id\":\"https:\\\/\\\/neuroclinicabarcelona.cat\\\/ca\\\/coneix-nos\\\/#primaryimage\",\"url\":\"https:\\\/\\\/neuroclinicabarcelona.cat\\\/wp-content\\\/uploads\\\/2024\\\/06\\\/Recurso-2.png\",\"contentUrl\":\"https:\\\/\\\/neuroclinicabarcelona.cat\\\/wp-content\\\/uploads\\\/2024\\\/06\\\/Recurso-2.png\"},{\"@type\":\"BreadcrumbList\",\"@id\":\"https:\\\/\\\/neuroclinicabarcelona.cat\\\/ca\\\/coneix-nos\\\/#breadcrumb\",\"itemListElement\":[{\"@type\":\"ListItem\",\"position\":1,\"name\":\"Portada\",\"item\":\"https:\\\/\\\/neuroclinicabarcelona.cat\\\/ca\\\/neuroclinica-quirurgica-barcelona\\\/\"},{\"@type\":\"ListItem\",\"position\":2,\"name\":\"Coneix-nos\"}]},{\"@type\":\"WebSite\",\"@id\":\"https:\\\/\\\/neuroclinicabarcelona.cat\\\/ca\\\/#website\",\"url\":\"https:\\\/\\\/neuroclinicabarcelona.cat\\\/ca\\\/\",\"name\":\"Neurocl\u00ednica Barcelona\",\"description\":\"\",\"publisher\":{\"@id\":\"https:\\\/\\\/neuroclinicabarcelona.cat\\\/ca\\\/#organization\"},\"potentialAction\":[{\"@type\":\"SearchAction\",\"target\":{\"@type\":\"EntryPoint\",\"urlTemplate\":\"https:\\\/\\\/neuroclinicabarcelona.cat\\\/ca\\\/?s={search_term_string}\"},\"query-input\":{\"@type\":\"PropertyValueSpecification\",\"valueRequired\":true,\"valueName\":\"search_term_string\"}}],\"inLanguage\":\"ca\"},{\"@type\":\"Organization\",\"@id\":\"https:\\\/\\\/neuroclinicabarcelona.cat\\\/ca\\\/#organization\",\"name\":\"Neurocl\u00ednica Barcelona\",\"url\":\"https:\\\/\\\/neuroclinicabarcelona.cat\\\/ca\\\/\",\"logo\":{\"@type\":\"ImageObject\",\"inLanguage\":\"ca\",\"@id\":\"https:\\\/\\\/neuroclinicabarcelona.cat\\\/ca\\\/#\\\/schema\\\/logo\\\/image\\\/\",\"url\":\"https:\\\/\\\/neuroclinicabarcelona.cat\\\/wp-content\\\/uploads\\\/2024\\\/06\\\/logo_neuroclinica.png\",\"contentUrl\":\"https:\\\/\\\/neuroclinicabarcelona.cat\\\/wp-content\\\/uploads\\\/2024\\\/06\\\/logo_neuroclinica.png\",\"width\":808,\"height\":208,\"caption\":\"Neurocl\u00ednica Barcelona\"},\"image\":{\"@id\":\"https:\\\/\\\/neuroclinicabarcelona.cat\\\/ca\\\/#\\\/schema\\\/logo\\\/image\\\/\"}}]}<\/script>\n<!-- \/ Yoast SEO plugin. -->","yoast_head_json":{"title":"Coneix-nos - Neurocl\u00ednica Barcelona","robots":{"index":"index","follow":"follow","max-snippet":"max-snippet:-1","max-image-preview":"max-image-preview:large","max-video-preview":"max-video-preview:-1"},"canonical":"https:\/\/neuroclinicabarcelona.cat\/ca\/coneix-nos\/","og_locale":"ca_ES","og_type":"article","og_title":"Coneix-nos - Neurocl\u00ednica Barcelona","og_description":"Especialistes en Cirurgia Cerebrali de la columna vertebral Neurocl\u00ednica Quir\u00fargica Barcelona est\u00e0 formada per un equip de professionals d&#8217;alt nivell al camp de la neurocirurgia i la cirurgia m\u00ednimament invasiva. Confiem en la innovaci\u00f3, per la qual cosa a les nostres cirurgies utilitzem tecnologia d&#8217;avantguarda per aconseguir els millors resultats. Ens involucrem completament a l&#8217;atenci\u00f3 [&hellip;]","og_url":"https:\/\/neuroclinicabarcelona.cat\/ca\/coneix-nos\/","og_site_name":"Neurocl\u00ednica Barcelona","article_modified_time":"2025-10-22T09:17:44+00:00","og_image":[{"width":504,"height":398,"url":"https:\/\/neuroclinicabarcelona.cat\/wp-content\/uploads\/2024\/06\/Recurso-2.png","type":"image\/png"}],"twitter_card":"summary_large_image","twitter_misc":{"Temps estimat de lectura":"5 minuts"},"schema":{"@context":"https:\/\/schema.org","@graph":[{"@type":"WebPage","@id":"https:\/\/neuroclinicabarcelona.cat\/ca\/coneix-nos\/","url":"https:\/\/neuroclinicabarcelona.cat\/ca\/coneix-nos\/","name":"Coneix-nos - Neurocl\u00ednica Barcelona","isPartOf":{"@id":"https:\/\/neuroclinicabarcelona.cat\/ca\/#website"},"primaryImageOfPage":{"@id":"https:\/\/neuroclinicabarcelona.cat\/ca\/coneix-nos\/#primaryimage"},"image":{"@id":"https:\/\/neuroclinicabarcelona.cat\/ca\/coneix-nos\/#primaryimage"},"thumbnailUrl":"https:\/\/neuroclinicabarcelona.cat\/wp-content\/uploads\/2024\/06\/Recurso-2.png","datePublished":"2024-06-13T10:18:28+00:00","dateModified":"2025-10-22T09:17:44+00:00","breadcrumb":{"@id":"https:\/\/neuroclinicabarcelona.cat\/ca\/coneix-nos\/#breadcrumb"},"inLanguage":"ca","potentialAction":[{"@type":"ReadAction","target":["https:\/\/neuroclinicabarcelona.cat\/ca\/coneix-nos\/"]}]},{"@type":"ImageObject","inLanguage":"ca","@id":"https:\/\/neuroclinicabarcelona.cat\/ca\/coneix-nos\/#primaryimage","url":"https:\/\/neuroclinicabarcelona.cat\/wp-content\/uploads\/2024\/06\/Recurso-2.png","contentUrl":"https:\/\/neuroclinicabarcelona.cat\/wp-content\/uploads\/2024\/06\/Recurso-2.png"},{"@type":"BreadcrumbList","@id":"https:\/\/neuroclinicabarcelona.cat\/ca\/coneix-nos\/#breadcrumb","itemListElement":[{"@type":"ListItem","position":1,"name":"Portada","item":"https:\/\/neuroclinicabarcelona.cat\/ca\/neuroclinica-quirurgica-barcelona\/"},{"@type":"ListItem","position":2,"name":"Coneix-nos"}]},{"@type":"WebSite","@id":"https:\/\/neuroclinicabarcelona.cat\/ca\/#website","url":"https:\/\/neuroclinicabarcelona.cat\/ca\/","name":"Neurocl\u00ednica Barcelona","description":"","publisher":{"@id":"https:\/\/neuroclinicabarcelona.cat\/ca\/#organization"},"potentialAction":[{"@type":"SearchAction","target":{"@type":"EntryPoint","urlTemplate":"https:\/\/neuroclinicabarcelona.cat\/ca\/?s={search_term_string}"},"query-input":{"@type":"PropertyValueSpecification","valueRequired":true,"valueName":"search_term_string"}}],"inLanguage":"ca"},{"@type":"Organization","@id":"https:\/\/neuroclinicabarcelona.cat\/ca\/#organization","name":"Neurocl\u00ednica Barcelona","url":"https:\/\/neuroclinicabarcelona.cat\/ca\/","logo":{"@type":"ImageObject","inLanguage":"ca","@id":"https:\/\/neuroclinicabarcelona.cat\/ca\/#\/schema\/logo\/image\/","url":"https:\/\/neuroclinicabarcelona.cat\/wp-content\/uploads\/2024\/06\/logo_neuroclinica.png","contentUrl":"https:\/\/neuroclinicabarcelona.cat\/wp-content\/uploads\/2024\/06\/logo_neuroclinica.png","width":808,"height":208,"caption":"Neurocl\u00ednica Barcelona"},"image":{"@id":"https:\/\/neuroclinicabarcelona.cat\/ca\/#\/schema\/logo\/image\/"}}]}},"_links":{"self":[{"href":"https:\/\/neuroclinicabarcelona.cat\/ca\/wp-json\/wp\/v2\/pages\/1304","targetHints":{"allow":["GET"]}}],"collection":[{"href":"https:\/\/neuroclinicabarcelona.cat\/ca\/wp-json\/wp\/v2\/pages"}],"about":[{"href":"https:\/\/neuroclinicabarcelona.cat\/ca\/wp-json\/wp\/v2\/types\/page"}],"author":[{"embeddable":true,"href":"https:\/\/neuroclinicabarcelona.cat\/ca\/wp-json\/wp\/v2\/users\/1"}],"replies":[{"embeddable":true,"href":"https:\/\/neuroclinicabarcelona.cat\/ca\/wp-json\/wp\/v2\/comments?post=1304"}],"version-history":[{"count":35,"href":"https:\/\/neuroclinicabarcelona.cat\/ca\/wp-json\/wp\/v2\/pages\/1304\/revisions"}],"predecessor-version":[{"id":4173,"href":"https:\/\/neuroclinicabarcelona.cat\/ca\/wp-json\/wp\/v2\/pages\/1304\/revisions\/4173"}],"wp:attachment":[{"href":"https:\/\/neuroclinicabarcelona.cat\/ca\/wp-json\/wp\/v2\/media?parent=1304"}],"curies":[{"name":"wp","href":"https:\/\/api.w.org\/{rel}","templated":true}]}}